{"id":3499,"date":"2024-09-16T13:41:09","date_gmt":"2024-09-16T13:41:09","guid":{"rendered":"https:\/\/maiasandu.pentru.md\/?post_type=proiect&#038;p=3499"},"modified":"2024-09-16T13:41:10","modified_gmt":"2024-09-16T13:41:10","slug":"au-fost-modernizate-retelele-cu-apa-din-cartierul-locativ-nou-pe-strazile-gh-asachi-c-negruzzi-trandafirilor-vatra-n-testemitanu-viilor-pucioasa-st-neaga-baile-herculane-e-loteanu-e-do","status":"publish","type":"proiect","link":"https:\/\/maiasandu.pentru.md\/ru\/proiect\/au-fost-modernizate-retelele-cu-apa-din-cartierul-locativ-nou-pe-strazile-gh-asachi-c-negruzzi-trandafirilor-vatra-n-testemitanu-viilor-pucioasa-st-neaga-baile-herculane-e-loteanu-e-do\/","title":{"rendered":"Au fost modernizate re\u021belele cu ap\u0103 din cartierul locativ nou pe str\u0103zile Gh. Asachi, C. Negruzzi, Trandafirilor, Vatra, N. Testemi\u021banu, Viilor, Pucioasa, \u0218t. Neaga, B\u0103ile Herculane, E. Loteanu, E. Doga, A. Bernardazzi, M. Manole, Cuza-Vod\u0103, \u00een municipiul Chi\u0219in\u0103u."},"content":{"rendered":"","protected":false},"excerpt":{"rendered":"","protected":false},"featured_media":3404,"parent":0,"template":"","format":"standard","meta":{"_acf_changed":false},"domeniu":[39],"raion":[50],"class_list":["post-3499","proiect","type-proiect","status-publish","format-standard","has-post-thumbnail","hentry","domeniu-infrastructura","raion-chisinau"],"acf":[],"yoast_head":"<!-- This site is optimized with the Yoast SEO plugin v23.4 - https:\/\/yoast.com\/wordpress\/plugins\/seo\/ -->\n<title>Au fost modernizate re\u021belele cu ap\u0103 din cartierul locativ nou pe str\u0103zile Gh. Asachi, C. Negruzzi, Trandafirilor, Vatra, N. Testemi\u021banu, Viilor, Pucioasa, \u0218t. Neaga, B\u0103ile Herculane, E. Loteanu, E. Doga, A. Bernardazzi, M. Manole, Cuza-Vod\u0103, \u00een municipiul Chi\u0219in\u0103u. - Maia Sandu<\/title>\n<meta name=\"robots\" content=\"index, follow, max-snippet:-1, max-image-preview:large, max-video-preview:-1\" \/>\n<link rel=\"canonical\" href=\"https:\/\/maiasandu.pentru.md\/ru\/proiect\/au-fost-modernizate-retelele-cu-apa-din-cartierul-locativ-nou-pe-strazile-gh-asachi-c-negruzzi-trandafirilor-vatra-n-testemitanu-viilor-pucioasa-st-neaga-baile-herculane-e-loteanu-e-do\/\" \/>\n<meta property=\"og:locale\" content=\"ru_RU\" \/>\n<meta property=\"og:type\" content=\"article\" \/>\n<meta property=\"og:title\" content=\"Au fost modernizate re\u021belele cu ap\u0103 din cartierul locativ nou pe str\u0103zile Gh. Asachi, C. Negruzzi, Trandafirilor, Vatra, N. Testemi\u021banu, Viilor, Pucioasa, \u0218t. Neaga, B\u0103ile Herculane, E. Loteanu, E. Doga, A. Bernardazzi, M. Manole, Cuza-Vod\u0103, \u00een municipiul Chi\u0219in\u0103u. - Maia Sandu\" \/>\n<meta property=\"og:url\" content=\"https:\/\/maiasandu.pentru.md\/ru\/proiect\/au-fost-modernizate-retelele-cu-apa-din-cartierul-locativ-nou-pe-strazile-gh-asachi-c-negruzzi-trandafirilor-vatra-n-testemitanu-viilor-pucioasa-st-neaga-baile-herculane-e-loteanu-e-do\/\" \/>\n<meta property=\"og:site_name\" content=\"Maia Sandu\" \/>\n<meta property=\"article:publisher\" content=\"https:\/\/www.facebook.com\/maia.sandu\" \/>\n<meta property=\"article:modified_time\" content=\"2024-09-16T13:41:10+00:00\" \/>\n<meta property=\"og:image\" content=\"https:\/\/maiasandu.pentru.md\/wp-content\/uploads\/2024\/09\/459128215_871752618254969_5722565226353227188_n.jpg\" \/>\n\t<meta property=\"og:image:width\" content=\"1920\" \/>\n\t<meta property=\"og:image:height\" content=\"1078\" \/>\n\t<meta property=\"og:image:type\" content=\"image\/jpeg\" \/>\n<meta name=\"twitter:card\" content=\"summary_large_image\" \/>\n<meta name=\"twitter:site\" content=\"@you\" \/>\n<meta name=\"twitter:label1\" content=\"\u041f\u0440\u0438\u043c\u0435\u0440\u043d\u043e\u0435 \u0432\u0440\u0435\u043c\u044f \u0434\u043b\u044f \u0447\u0442\u0435\u043d\u0438\u044f\" \/>\n\t<meta name=\"twitter:data1\" content=\"1 \u043c\u0438\u043d\u0443\u0442\u0430\" \/>\n<script type=\"application\/ld+json\" class=\"yoast-schema-graph\">{\"@context\":\"https:\/\/schema.org\",\"@graph\":[{\"@type\":\"WebPage\",\"@id\":\"https:\/\/maiasandu.pentru.md\/proiect\/au-fost-modernizate-retelele-cu-apa-din-cartierul-locativ-nou-pe-strazile-gh-asachi-c-negruzzi-trandafirilor-vatra-n-testemitanu-viilor-pucioasa-st-neaga-baile-herculane-e-loteanu-e-do\/\",\"url\":\"https:\/\/maiasandu.pentru.md\/proiect\/au-fost-modernizate-retelele-cu-apa-din-cartierul-locativ-nou-pe-strazile-gh-asachi-c-negruzzi-trandafirilor-vatra-n-testemitanu-viilor-pucioasa-st-neaga-baile-herculane-e-loteanu-e-do\/\",\"name\":\"Au fost modernizate re\u021belele cu ap\u0103 din cartierul locativ nou pe str\u0103zile Gh. Asachi, C. Negruzzi, Trandafirilor, Vatra, N. Testemi\u021banu, Viilor, Pucioasa, \u0218t. Neaga, B\u0103ile Herculane, E. Loteanu, E. Doga, A. Bernardazzi, M. Manole, Cuza-Vod\u0103, \u00een municipiul Chi\u0219in\u0103u. - Maia Sandu\",\"isPartOf\":{\"@id\":\"https:\/\/maiasandu.pentru.md\/#website\"},\"primaryImageOfPage\":{\"@id\":\"https:\/\/maiasandu.pentru.md\/proiect\/au-fost-modernizate-retelele-cu-apa-din-cartierul-locativ-nou-pe-strazile-gh-asachi-c-negruzzi-trandafirilor-vatra-n-testemitanu-viilor-pucioasa-st-neaga-baile-herculane-e-loteanu-e-do\/#primaryimage\"},\"image\":{\"@id\":\"https:\/\/maiasandu.pentru.md\/proiect\/au-fost-modernizate-retelele-cu-apa-din-cartierul-locativ-nou-pe-strazile-gh-asachi-c-negruzzi-trandafirilor-vatra-n-testemitanu-viilor-pucioasa-st-neaga-baile-herculane-e-loteanu-e-do\/#primaryimage\"},\"thumbnailUrl\":\"https:\/\/maiasandu.pentru.md\/wp-content\/uploads\/2024\/09\/459128215_871752618254969_5722565226353227188_n.jpg\",\"datePublished\":\"2024-09-16T13:41:09+00:00\",\"dateModified\":\"2024-09-16T13:41:10+00:00\",\"breadcrumb\":{\"@id\":\"https:\/\/maiasandu.pentru.md\/proiect\/au-fost-modernizate-retelele-cu-apa-din-cartierul-locativ-nou-pe-strazile-gh-asachi-c-negruzzi-trandafirilor-vatra-n-testemitanu-viilor-pucioasa-st-neaga-baile-herculane-e-loteanu-e-do\/#breadcrumb\"},\"inLanguage\":\"ru-RU\",\"potentialAction\":[{\"@type\":\"ReadAction\",\"target\":[\"https:\/\/maiasandu.pentru.md\/proiect\/au-fost-modernizate-retelele-cu-apa-din-cartierul-locativ-nou-pe-strazile-gh-asachi-c-negruzzi-trandafirilor-vatra-n-testemitanu-viilor-pucioasa-st-neaga-baile-herculane-e-loteanu-e-do\/\"]}]},{\"@type\":\"ImageObject\",\"inLanguage\":\"ru-RU\",\"@id\":\"https:\/\/maiasandu.pentru.md\/proiect\/au-fost-modernizate-retelele-cu-apa-din-cartierul-locativ-nou-pe-strazile-gh-asachi-c-negruzzi-trandafirilor-vatra-n-testemitanu-viilor-pucioasa-st-neaga-baile-herculane-e-loteanu-e-do\/#primaryimage\",\"url\":\"https:\/\/maiasandu.pentru.md\/wp-content\/uploads\/2024\/09\/459128215_871752618254969_5722565226353227188_n.jpg\",\"contentUrl\":\"https:\/\/maiasandu.pentru.md\/wp-content\/uploads\/2024\/09\/459128215_871752618254969_5722565226353227188_n.jpg\",\"width\":1920,\"height\":1078},{\"@type\":\"BreadcrumbList\",\"@id\":\"https:\/\/maiasandu.pentru.md\/proiect\/au-fost-modernizate-retelele-cu-apa-din-cartierul-locativ-nou-pe-strazile-gh-asachi-c-negruzzi-trandafirilor-vatra-n-testemitanu-viilor-pucioasa-st-neaga-baile-herculane-e-loteanu-e-do\/#breadcrumb\",\"itemListElement\":[{\"@type\":\"ListItem\",\"position\":1,\"name\":\"Home\",\"item\":\"https:\/\/maiasandu.pentru.md\/\"},{\"@type\":\"ListItem\",\"position\":2,\"name\":\"Proiecte\",\"item\":\"https:\/\/maiasandu.pentru.md\/proiect\/\"},{\"@type\":\"ListItem\",\"position\":3,\"name\":\"Au fost modernizate re\u021belele cu ap\u0103 din cartierul locativ nou pe str\u0103zile Gh. Asachi, C. Negruzzi, Trandafirilor, Vatra, N. Testemi\u021banu, Viilor, Pucioasa, \u0218t. Neaga, B\u0103ile Herculane, E. Loteanu, E. Doga, A. Bernardazzi, M. Manole, Cuza-Vod\u0103, \u00een municipiul Chi\u0219in\u0103u.\"}]},{\"@type\":\"WebSite\",\"@id\":\"https:\/\/maiasandu.pentru.md\/#website\",\"url\":\"https:\/\/maiasandu.pentru.md\/\",\"name\":\"Maia Sandu\",\"description\":\"Pentru Moldova\",\"publisher\":{\"@id\":\"https:\/\/maiasandu.pentru.md\/#\/schema\/person\/cfdff171cd9cf48f3933aca560a8da78\"},\"potentialAction\":[{\"@type\":\"SearchAction\",\"target\":{\"@type\":\"EntryPoint\",\"urlTemplate\":\"https:\/\/maiasandu.pentru.md\/?s={search_term_string}\"},\"query-input\":{\"@type\":\"PropertyValueSpecification\",\"valueRequired\":true,\"valueName\":\"search_term_string\"}}],\"inLanguage\":\"ru-RU\"},{\"@type\":[\"Person\",\"Organization\"],\"@id\":\"https:\/\/maiasandu.pentru.md\/#\/schema\/person\/cfdff171cd9cf48f3933aca560a8da78\",\"name\":\"MaiaSandu\",\"image\":{\"@type\":\"ImageObject\",\"inLanguage\":\"ru-RU\",\"@id\":\"https:\/\/maiasandu.pentru.md\/#\/schema\/person\/image\/\",\"url\":\"https:\/\/secure.gravatar.com\/avatar\/3c0bf0a278aae450e711e7534551dc9de725bedbcff506050a7ac76225453d7f?s=96&d=mm&r=g\",\"contentUrl\":\"https:\/\/secure.gravatar.com\/avatar\/3c0bf0a278aae450e711e7534551dc9de725bedbcff506050a7ac76225453d7f?s=96&d=mm&r=g\",\"caption\":\"MaiaSandu\"},\"logo\":{\"@id\":\"https:\/\/maiasandu.pentru.md\/#\/schema\/person\/image\/\"},\"sameAs\":[\"https:\/\/maiasandu.pentru.md\",\"https:\/\/www.facebook.com\/maia.sandu\",\"https:\/\/www.instagram.com\/maia.sandu?fbclid=IwY2xjawEz_xtleHRuA2FlbQIxMAABHboqHCiyS8Zhq-1A52-ji2mKILjRrr2eHBh5hNh6LpIUhSlaNGfnBNZ8SA_aem_GgoJH2NxtH7QnfOwGdB0aA\",\"https:\/\/x.com\/sandumaiamd Follows you\"]}]}<\/script>\n<!-- \/ Yoast SEO plugin. -->","yoast_head_json":{"title":"Au fost modernizate re\u021belele cu ap\u0103 din cartierul locativ nou pe str\u0103zile Gh. Asachi, C. Negruzzi, Trandafirilor, Vatra, N. Testemi\u021banu, Viilor, Pucioasa, \u0218t. Neaga, B\u0103ile Herculane, E. Loteanu, E. Doga, A. Bernardazzi, M. Manole, Cuza-Vod\u0103, \u00een municipiul Chi\u0219in\u0103u. - Maia Sandu","robots":{"index":"index","follow":"follow","max-snippet":"max-snippet:-1","max-image-preview":"max-image-preview:large","max-video-preview":"max-video-preview:-1"},"canonical":"https:\/\/maiasandu.pentru.md\/ru\/proiect\/au-fost-modernizate-retelele-cu-apa-din-cartierul-locativ-nou-pe-strazile-gh-asachi-c-negruzzi-trandafirilor-vatra-n-testemitanu-viilor-pucioasa-st-neaga-baile-herculane-e-loteanu-e-do\/","og_locale":"ru_RU","og_type":"article","og_title":"Au fost modernizate re\u021belele cu ap\u0103 din cartierul locativ nou pe str\u0103zile Gh. Asachi, C. Negruzzi, Trandafirilor, Vatra, N. Testemi\u021banu, Viilor, Pucioasa, \u0218t. Neaga, B\u0103ile Herculane, E. Loteanu, E. Doga, A. Bernardazzi, M. Manole, Cuza-Vod\u0103, \u00een municipiul Chi\u0219in\u0103u. - Maia Sandu","og_url":"https:\/\/maiasandu.pentru.md\/ru\/proiect\/au-fost-modernizate-retelele-cu-apa-din-cartierul-locativ-nou-pe-strazile-gh-asachi-c-negruzzi-trandafirilor-vatra-n-testemitanu-viilor-pucioasa-st-neaga-baile-herculane-e-loteanu-e-do\/","og_site_name":"Maia Sandu","article_publisher":"https:\/\/www.facebook.com\/maia.sandu","article_modified_time":"2024-09-16T13:41:10+00:00","og_image":[{"width":1920,"height":1078,"url":"https:\/\/maiasandu.pentru.md\/wp-content\/uploads\/2024\/09\/459128215_871752618254969_5722565226353227188_n.jpg","type":"image\/jpeg"}],"twitter_card":"summary_large_image","twitter_site":"@you","twitter_misc":{"\u041f\u0440\u0438\u043c\u0435\u0440\u043d\u043e\u0435 \u0432\u0440\u0435\u043c\u044f \u0434\u043b\u044f \u0447\u0442\u0435\u043d\u0438\u044f":"1 \u043c\u0438\u043d\u0443\u0442\u0430"},"schema":{"@context":"https:\/\/schema.org","@graph":[{"@type":"WebPage","@id":"https:\/\/maiasandu.pentru.md\/proiect\/au-fost-modernizate-retelele-cu-apa-din-cartierul-locativ-nou-pe-strazile-gh-asachi-c-negruzzi-trandafirilor-vatra-n-testemitanu-viilor-pucioasa-st-neaga-baile-herculane-e-loteanu-e-do\/","url":"https:\/\/maiasandu.pentru.md\/proiect\/au-fost-modernizate-retelele-cu-apa-din-cartierul-locativ-nou-pe-strazile-gh-asachi-c-negruzzi-trandafirilor-vatra-n-testemitanu-viilor-pucioasa-st-neaga-baile-herculane-e-loteanu-e-do\/","name":"Au fost modernizate re\u021belele cu ap\u0103 din cartierul locativ nou pe str\u0103zile Gh. Asachi, C. Negruzzi, Trandafirilor, Vatra, N. Testemi\u021banu, Viilor, Pucioasa, \u0218t. Neaga, B\u0103ile Herculane, E. Loteanu, E. Doga, A. Bernardazzi, M. Manole, Cuza-Vod\u0103, \u00een municipiul Chi\u0219in\u0103u. - Maia Sandu","isPartOf":{"@id":"https:\/\/maiasandu.pentru.md\/#website"},"primaryImageOfPage":{"@id":"https:\/\/maiasandu.pentru.md\/proiect\/au-fost-modernizate-retelele-cu-apa-din-cartierul-locativ-nou-pe-strazile-gh-asachi-c-negruzzi-trandafirilor-vatra-n-testemitanu-viilor-pucioasa-st-neaga-baile-herculane-e-loteanu-e-do\/#primaryimage"},"image":{"@id":"https:\/\/maiasandu.pentru.md\/proiect\/au-fost-modernizate-retelele-cu-apa-din-cartierul-locativ-nou-pe-strazile-gh-asachi-c-negruzzi-trandafirilor-vatra-n-testemitanu-viilor-pucioasa-st-neaga-baile-herculane-e-loteanu-e-do\/#primaryimage"},"thumbnailUrl":"https:\/\/maiasandu.pentru.md\/wp-content\/uploads\/2024\/09\/459128215_871752618254969_5722565226353227188_n.jpg","datePublished":"2024-09-16T13:41:09+00:00","dateModified":"2024-09-16T13:41:10+00:00","breadcrumb":{"@id":"https:\/\/maiasandu.pentru.md\/proiect\/au-fost-modernizate-retelele-cu-apa-din-cartierul-locativ-nou-pe-strazile-gh-asachi-c-negruzzi-trandafirilor-vatra-n-testemitanu-viilor-pucioasa-st-neaga-baile-herculane-e-loteanu-e-do\/#breadcrumb"},"inLanguage":"ru-RU","potentialAction":[{"@type":"ReadAction","target":["https:\/\/maiasandu.pentru.md\/proiect\/au-fost-modernizate-retelele-cu-apa-din-cartierul-locativ-nou-pe-strazile-gh-asachi-c-negruzzi-trandafirilor-vatra-n-testemitanu-viilor-pucioasa-st-neaga-baile-herculane-e-loteanu-e-do\/"]}]},{"@type":"ImageObject","inLanguage":"ru-RU","@id":"https:\/\/maiasandu.pentru.md\/proiect\/au-fost-modernizate-retelele-cu-apa-din-cartierul-locativ-nou-pe-strazile-gh-asachi-c-negruzzi-trandafirilor-vatra-n-testemitanu-viilor-pucioasa-st-neaga-baile-herculane-e-loteanu-e-do\/#primaryimage","url":"https:\/\/maiasandu.pentru.md\/wp-content\/uploads\/2024\/09\/459128215_871752618254969_5722565226353227188_n.jpg","contentUrl":"https:\/\/maiasandu.pentru.md\/wp-content\/uploads\/2024\/09\/459128215_871752618254969_5722565226353227188_n.jpg","width":1920,"height":1078},{"@type":"BreadcrumbList","@id":"https:\/\/maiasandu.pentru.md\/proiect\/au-fost-modernizate-retelele-cu-apa-din-cartierul-locativ-nou-pe-strazile-gh-asachi-c-negruzzi-trandafirilor-vatra-n-testemitanu-viilor-pucioasa-st-neaga-baile-herculane-e-loteanu-e-do\/#breadcrumb","itemListElement":[{"@type":"ListItem","position":1,"name":"Home","item":"https:\/\/maiasandu.pentru.md\/"},{"@type":"ListItem","position":2,"name":"Proiecte","item":"https:\/\/maiasandu.pentru.md\/proiect\/"},{"@type":"ListItem","position":3,"name":"Au fost modernizate re\u021belele cu ap\u0103 din cartierul locativ nou pe str\u0103zile Gh. Asachi, C. Negruzzi, Trandafirilor, Vatra, N. Testemi\u021banu, Viilor, Pucioasa, \u0218t. Neaga, B\u0103ile Herculane, E. Loteanu, E. Doga, A. Bernardazzi, M. Manole, Cuza-Vod\u0103, \u00een municipiul Chi\u0219in\u0103u."}]},{"@type":"WebSite","@id":"https:\/\/maiasandu.pentru.md\/#website","url":"https:\/\/maiasandu.pentru.md\/","name":"Maia Sandu","description":"Pentru Moldova","publisher":{"@id":"https:\/\/maiasandu.pentru.md\/#\/schema\/person\/cfdff171cd9cf48f3933aca560a8da78"},"potentialAction":[{"@type":"SearchAction","target":{"@type":"EntryPoint","urlTemplate":"https:\/\/maiasandu.pentru.md\/?s={search_term_string}"},"query-input":{"@type":"PropertyValueSpecification","valueRequired":true,"valueName":"search_term_string"}}],"inLanguage":"ru-RU"},{"@type":["Person","Organization"],"@id":"https:\/\/maiasandu.pentru.md\/#\/schema\/person\/cfdff171cd9cf48f3933aca560a8da78","name":"MaiaSandu","image":{"@type":"ImageObject","inLanguage":"ru-RU","@id":"https:\/\/maiasandu.pentru.md\/#\/schema\/person\/image\/","url":"https:\/\/secure.gravatar.com\/avatar\/3c0bf0a278aae450e711e7534551dc9de725bedbcff506050a7ac76225453d7f?s=96&d=mm&r=g","contentUrl":"https:\/\/secure.gravatar.com\/avatar\/3c0bf0a278aae450e711e7534551dc9de725bedbcff506050a7ac76225453d7f?s=96&d=mm&r=g","caption":"MaiaSandu"},"logo":{"@id":"https:\/\/maiasandu.pentru.md\/#\/schema\/person\/image\/"},"sameAs":["https:\/\/maiasandu.pentru.md","https:\/\/www.facebook.com\/maia.sandu","https:\/\/www.instagram.com\/maia.sandu?fbclid=IwY2xjawEz_xtleHRuA2FlbQIxMAABHboqHCiyS8Zhq-1A52-ji2mKILjRrr2eHBh5hNh6LpIUhSlaNGfnBNZ8SA_aem_GgoJH2NxtH7QnfOwGdB0aA","https:\/\/x.com\/sandumaiamd Follows you"]}]}},"_links":{"self":[{"href":"https:\/\/maiasandu.pentru.md\/ru\/wp-json\/wp\/v2\/proiect\/3499","targetHints":{"allow":["GET"]}}],"collection":[{"href":"https:\/\/maiasandu.pentru.md\/ru\/wp-json\/wp\/v2\/proiect"}],"about":[{"href":"https:\/\/maiasandu.pentru.md\/ru\/wp-json\/wp\/v2\/types\/proiect"}],"version-history":[{"count":1,"href":"https:\/\/maiasandu.pentru.md\/ru\/wp-json\/wp\/v2\/proiect\/3499\/revisions"}],"predecessor-version":[{"id":3504,"href":"https:\/\/maiasandu.pentru.md\/ru\/wp-json\/wp\/v2\/proiect\/3499\/revisions\/3504"}],"wp:featuredmedia":[{"embeddable":true,"href":"https:\/\/maiasandu.pentru.md\/ru\/wp-json\/wp\/v2\/media\/3404"}],"wp:attachment":[{"href":"https:\/\/maiasandu.pentru.md\/ru\/wp-json\/wp\/v2\/media?parent=3499"}],"wp:term":[{"taxonomy":"domeniu","embeddable":true,"href":"https:\/\/maiasandu.pentru.md\/ru\/wp-json\/wp\/v2\/domeniu?post=3499"},{"taxonomy":"raion","embeddable":true,"href":"https:\/\/maiasandu.pentru.md\/ru\/wp-json\/wp\/v2\/raion?post=3499"}],"curies":[{"name":"wp","href":"https:\/\/api.w.org\/{rel}","templated":true}]}}