{"id":2250,"date":"2024-09-11T10:54:55","date_gmt":"2024-09-11T10:54:55","guid":{"rendered":"https:\/\/maiasandu.pentru.md\/?post_type=proiect&#038;p=2250"},"modified":"2024-09-11T10:54:56","modified_gmt":"2024-09-11T10:54:56","slug":"spitalul-raional-vulcanesti-a-fost-dotat-cu-mese-de-operatie-aparate-de-anestezie-in-set-cu-monitor-ventilatoare-pentru-respiratiei-dirijata-lampi-chirurgicale-mobile-masti-de-oxigen-canule-nazal","status":"publish","type":"proiect","link":"https:\/\/maiasandu.pentru.md\/ru\/proiect\/spitalul-raional-vulcanesti-a-fost-dotat-cu-mese-de-operatie-aparate-de-anestezie-in-set-cu-monitor-ventilatoare-pentru-respiratiei-dirijata-lampi-chirurgicale-mobile-masti-de-oxigen-canule-nazal\/","title":{"rendered":"Spitalul Raional Vulc\u0103ne\u0219ti a fost dotat cu mese de opera\u021bie, aparate de anestezie \u00een set cu monitor, ventilatoare pentru respira\u021biei dirijat\u0103, l\u0103mpi chirurgicale mobile, m\u0103\u0219ti de oxigen, canule nazale \u0219i calculatoare, cu ajutorul Guvernului SUA, Agen\u021biei Elve\u021biene, Guvernului Germaniei \u0219i OMS."},"content":{"rendered":"","protected":false},"excerpt":{"rendered":"","protected":false},"featured_media":2201,"parent":0,"template":"","format":"standard","meta":{"_acf_changed":false},"domeniu":[40],"raion":[37],"class_list":["post-2250","proiect","type-proiect","status-publish","format-standard","has-post-thumbnail","hentry","domeniu-servicii-medicale","raion-uta-gagauzia"],"acf":[],"yoast_head":"<!-- This site is optimized with the Yoast SEO plugin v23.4 - https:\/\/yoast.com\/wordpress\/plugins\/seo\/ -->\n<title>Spitalul Raional Vulc\u0103ne\u0219ti a fost dotat cu mese de opera\u021bie, aparate de anestezie \u00een set cu monitor, ventilatoare pentru respira\u021biei dirijat\u0103, l\u0103mpi chirurgicale mobile, m\u0103\u0219ti de oxigen, canule nazale \u0219i calculatoare, cu ajutorul Guvernului SUA, Agen\u021biei Elve\u021biene, Guvernului Germaniei \u0219i OMS. - Maia Sandu<\/title>\n<meta name=\"robots\" content=\"index, follow, max-snippet:-1, max-image-preview:large, max-video-preview:-1\" \/>\n<link rel=\"canonical\" href=\"https:\/\/maiasandu.pentru.md\/ru\/proiect\/spitalul-raional-vulcanesti-a-fost-dotat-cu-mese-de-operatie-aparate-de-anestezie-in-set-cu-monitor-ventilatoare-pentru-respiratiei-dirijata-lampi-chirurgicale-mobile-masti-de-oxigen-canule-nazal\/\" \/>\n<meta property=\"og:locale\" content=\"ru_RU\" \/>\n<meta property=\"og:type\" content=\"article\" \/>\n<meta property=\"og:title\" content=\"Spitalul Raional Vulc\u0103ne\u0219ti a fost dotat cu mese de opera\u021bie, aparate de anestezie \u00een set cu monitor, ventilatoare pentru respira\u021biei dirijat\u0103, l\u0103mpi chirurgicale mobile, m\u0103\u0219ti de oxigen, canule nazale \u0219i calculatoare, cu ajutorul Guvernului SUA, Agen\u021biei Elve\u021biene, Guvernului Germaniei \u0219i OMS. - Maia Sandu\" \/>\n<meta property=\"og:url\" content=\"https:\/\/maiasandu.pentru.md\/ru\/proiect\/spitalul-raional-vulcanesti-a-fost-dotat-cu-mese-de-operatie-aparate-de-anestezie-in-set-cu-monitor-ventilatoare-pentru-respiratiei-dirijata-lampi-chirurgicale-mobile-masti-de-oxigen-canule-nazal\/\" \/>\n<meta property=\"og:site_name\" content=\"Maia Sandu\" \/>\n<meta property=\"article:publisher\" content=\"https:\/\/www.facebook.com\/maia.sandu\" \/>\n<meta property=\"article:modified_time\" content=\"2024-09-11T10:54:56+00:00\" \/>\n<meta property=\"og:image\" content=\"https:\/\/maiasandu.pentru.md\/wp-content\/uploads\/2024\/09\/img_7892-3-4.jpg\" \/>\n\t<meta property=\"og:image:width\" content=\"2000\" \/>\n\t<meta property=\"og:image:height\" content=\"1333\" \/>\n\t<meta property=\"og:image:type\" content=\"image\/jpeg\" \/>\n<meta name=\"twitter:card\" content=\"summary_large_image\" \/>\n<meta name=\"twitter:site\" content=\"@you\" \/>\n<meta name=\"twitter:label1\" content=\"\u041f\u0440\u0438\u043c\u0435\u0440\u043d\u043e\u0435 \u0432\u0440\u0435\u043c\u044f \u0434\u043b\u044f \u0447\u0442\u0435\u043d\u0438\u044f\" \/>\n\t<meta name=\"twitter:data1\" content=\"1 \u043c\u0438\u043d\u0443\u0442\u0430\" \/>\n<script type=\"application\/ld+json\" class=\"yoast-schema-graph\">{\"@context\":\"https:\/\/schema.org\",\"@graph\":[{\"@type\":\"WebPage\",\"@id\":\"https:\/\/maiasandu.pentru.md\/proiect\/spitalul-raional-vulcanesti-a-fost-dotat-cu-mese-de-operatie-aparate-de-anestezie-in-set-cu-monitor-ventilatoare-pentru-respiratiei-dirijata-lampi-chirurgicale-mobile-masti-de-oxigen-canule-nazal\/\",\"url\":\"https:\/\/maiasandu.pentru.md\/proiect\/spitalul-raional-vulcanesti-a-fost-dotat-cu-mese-de-operatie-aparate-de-anestezie-in-set-cu-monitor-ventilatoare-pentru-respiratiei-dirijata-lampi-chirurgicale-mobile-masti-de-oxigen-canule-nazal\/\",\"name\":\"Spitalul Raional Vulc\u0103ne\u0219ti a fost dotat cu mese de opera\u021bie, aparate de anestezie \u00een set cu monitor, ventilatoare pentru respira\u021biei dirijat\u0103, l\u0103mpi chirurgicale mobile, m\u0103\u0219ti de oxigen, canule nazale \u0219i calculatoare, cu ajutorul Guvernului SUA, Agen\u021biei Elve\u021biene, Guvernului Germaniei \u0219i OMS. - Maia Sandu\",\"isPartOf\":{\"@id\":\"https:\/\/maiasandu.pentru.md\/#website\"},\"primaryImageOfPage\":{\"@id\":\"https:\/\/maiasandu.pentru.md\/proiect\/spitalul-raional-vulcanesti-a-fost-dotat-cu-mese-de-operatie-aparate-de-anestezie-in-set-cu-monitor-ventilatoare-pentru-respiratiei-dirijata-lampi-chirurgicale-mobile-masti-de-oxigen-canule-nazal\/#primaryimage\"},\"image\":{\"@id\":\"https:\/\/maiasandu.pentru.md\/proiect\/spitalul-raional-vulcanesti-a-fost-dotat-cu-mese-de-operatie-aparate-de-anestezie-in-set-cu-monitor-ventilatoare-pentru-respiratiei-dirijata-lampi-chirurgicale-mobile-masti-de-oxigen-canule-nazal\/#primaryimage\"},\"thumbnailUrl\":\"https:\/\/maiasandu.pentru.md\/wp-content\/uploads\/2024\/09\/img_7892-3-4.jpg\",\"datePublished\":\"2024-09-11T10:54:55+00:00\",\"dateModified\":\"2024-09-11T10:54:56+00:00\",\"breadcrumb\":{\"@id\":\"https:\/\/maiasandu.pentru.md\/proiect\/spitalul-raional-vulcanesti-a-fost-dotat-cu-mese-de-operatie-aparate-de-anestezie-in-set-cu-monitor-ventilatoare-pentru-respiratiei-dirijata-lampi-chirurgicale-mobile-masti-de-oxigen-canule-nazal\/#breadcrumb\"},\"inLanguage\":\"ru-RU\",\"potentialAction\":[{\"@type\":\"ReadAction\",\"target\":[\"https:\/\/maiasandu.pentru.md\/proiect\/spitalul-raional-vulcanesti-a-fost-dotat-cu-mese-de-operatie-aparate-de-anestezie-in-set-cu-monitor-ventilatoare-pentru-respiratiei-dirijata-lampi-chirurgicale-mobile-masti-de-oxigen-canule-nazal\/\"]}]},{\"@type\":\"ImageObject\",\"inLanguage\":\"ru-RU\",\"@id\":\"https:\/\/maiasandu.pentru.md\/proiect\/spitalul-raional-vulcanesti-a-fost-dotat-cu-mese-de-operatie-aparate-de-anestezie-in-set-cu-monitor-ventilatoare-pentru-respiratiei-dirijata-lampi-chirurgicale-mobile-masti-de-oxigen-canule-nazal\/#primaryimage\",\"url\":\"https:\/\/maiasandu.pentru.md\/wp-content\/uploads\/2024\/09\/img_7892-3-4.jpg\",\"contentUrl\":\"https:\/\/maiasandu.pentru.md\/wp-content\/uploads\/2024\/09\/img_7892-3-4.jpg\",\"width\":2000,\"height\":1333},{\"@type\":\"BreadcrumbList\",\"@id\":\"https:\/\/maiasandu.pentru.md\/proiect\/spitalul-raional-vulcanesti-a-fost-dotat-cu-mese-de-operatie-aparate-de-anestezie-in-set-cu-monitor-ventilatoare-pentru-respiratiei-dirijata-lampi-chirurgicale-mobile-masti-de-oxigen-canule-nazal\/#breadcrumb\",\"itemListElement\":[{\"@type\":\"ListItem\",\"position\":1,\"name\":\"Home\",\"item\":\"https:\/\/maiasandu.pentru.md\/\"},{\"@type\":\"ListItem\",\"position\":2,\"name\":\"Proiecte\",\"item\":\"https:\/\/maiasandu.pentru.md\/proiect\/\"},{\"@type\":\"ListItem\",\"position\":3,\"name\":\"Spitalul Raional Vulc\u0103ne\u0219ti a fost dotat cu mese de opera\u021bie, aparate de anestezie \u00een set cu monitor, ventilatoare pentru respira\u021biei dirijat\u0103, l\u0103mpi chirurgicale mobile, m\u0103\u0219ti de oxigen, canule nazale \u0219i calculatoare, cu ajutorul Guvernului SUA, Agen\u021biei Elve\u021biene, Guvernului Germaniei \u0219i OMS.\"}]},{\"@type\":\"WebSite\",\"@id\":\"https:\/\/maiasandu.pentru.md\/#website\",\"url\":\"https:\/\/maiasandu.pentru.md\/\",\"name\":\"Maia Sandu\",\"description\":\"Pentru Moldova\",\"publisher\":{\"@id\":\"https:\/\/maiasandu.pentru.md\/#\/schema\/person\/cfdff171cd9cf48f3933aca560a8da78\"},\"potentialAction\":[{\"@type\":\"SearchAction\",\"target\":{\"@type\":\"EntryPoint\",\"urlTemplate\":\"https:\/\/maiasandu.pentru.md\/?s={search_term_string}\"},\"query-input\":{\"@type\":\"PropertyValueSpecification\",\"valueRequired\":true,\"valueName\":\"search_term_string\"}}],\"inLanguage\":\"ru-RU\"},{\"@type\":[\"Person\",\"Organization\"],\"@id\":\"https:\/\/maiasandu.pentru.md\/#\/schema\/person\/cfdff171cd9cf48f3933aca560a8da78\",\"name\":\"MaiaSandu\",\"image\":{\"@type\":\"ImageObject\",\"inLanguage\":\"ru-RU\",\"@id\":\"https:\/\/maiasandu.pentru.md\/#\/schema\/person\/image\/\",\"url\":\"https:\/\/secure.gravatar.com\/avatar\/3c0bf0a278aae450e711e7534551dc9de725bedbcff506050a7ac76225453d7f?s=96&d=mm&r=g\",\"contentUrl\":\"https:\/\/secure.gravatar.com\/avatar\/3c0bf0a278aae450e711e7534551dc9de725bedbcff506050a7ac76225453d7f?s=96&d=mm&r=g\",\"caption\":\"MaiaSandu\"},\"logo\":{\"@id\":\"https:\/\/maiasandu.pentru.md\/#\/schema\/person\/image\/\"},\"sameAs\":[\"https:\/\/maiasandu.pentru.md\",\"https:\/\/www.facebook.com\/maia.sandu\",\"https:\/\/www.instagram.com\/maia.sandu?fbclid=IwY2xjawEz_xtleHRuA2FlbQIxMAABHboqHCiyS8Zhq-1A52-ji2mKILjRrr2eHBh5hNh6LpIUhSlaNGfnBNZ8SA_aem_GgoJH2NxtH7QnfOwGdB0aA\",\"https:\/\/x.com\/sandumaiamd Follows you\"]}]}<\/script>\n<!-- \/ Yoast SEO plugin. -->","yoast_head_json":{"title":"Spitalul Raional Vulc\u0103ne\u0219ti a fost dotat cu mese de opera\u021bie, aparate de anestezie \u00een set cu monitor, ventilatoare pentru respira\u021biei dirijat\u0103, l\u0103mpi chirurgicale mobile, m\u0103\u0219ti de oxigen, canule nazale \u0219i calculatoare, cu ajutorul Guvernului SUA, Agen\u021biei Elve\u021biene, Guvernului Germaniei \u0219i OMS. - Maia Sandu","robots":{"index":"index","follow":"follow","max-snippet":"max-snippet:-1","max-image-preview":"max-image-preview:large","max-video-preview":"max-video-preview:-1"},"canonical":"https:\/\/maiasandu.pentru.md\/ru\/proiect\/spitalul-raional-vulcanesti-a-fost-dotat-cu-mese-de-operatie-aparate-de-anestezie-in-set-cu-monitor-ventilatoare-pentru-respiratiei-dirijata-lampi-chirurgicale-mobile-masti-de-oxigen-canule-nazal\/","og_locale":"ru_RU","og_type":"article","og_title":"Spitalul Raional Vulc\u0103ne\u0219ti a fost dotat cu mese de opera\u021bie, aparate de anestezie \u00een set cu monitor, ventilatoare pentru respira\u021biei dirijat\u0103, l\u0103mpi chirurgicale mobile, m\u0103\u0219ti de oxigen, canule nazale \u0219i calculatoare, cu ajutorul Guvernului SUA, Agen\u021biei Elve\u021biene, Guvernului Germaniei \u0219i OMS. - Maia Sandu","og_url":"https:\/\/maiasandu.pentru.md\/ru\/proiect\/spitalul-raional-vulcanesti-a-fost-dotat-cu-mese-de-operatie-aparate-de-anestezie-in-set-cu-monitor-ventilatoare-pentru-respiratiei-dirijata-lampi-chirurgicale-mobile-masti-de-oxigen-canule-nazal\/","og_site_name":"Maia Sandu","article_publisher":"https:\/\/www.facebook.com\/maia.sandu","article_modified_time":"2024-09-11T10:54:56+00:00","og_image":[{"width":2000,"height":1333,"url":"https:\/\/maiasandu.pentru.md\/wp-content\/uploads\/2024\/09\/img_7892-3-4.jpg","type":"image\/jpeg"}],"twitter_card":"summary_large_image","twitter_site":"@you","twitter_misc":{"\u041f\u0440\u0438\u043c\u0435\u0440\u043d\u043e\u0435 \u0432\u0440\u0435\u043c\u044f \u0434\u043b\u044f \u0447\u0442\u0435\u043d\u0438\u044f":"1 \u043c\u0438\u043d\u0443\u0442\u0430"},"schema":{"@context":"https:\/\/schema.org","@graph":[{"@type":"WebPage","@id":"https:\/\/maiasandu.pentru.md\/proiect\/spitalul-raional-vulcanesti-a-fost-dotat-cu-mese-de-operatie-aparate-de-anestezie-in-set-cu-monitor-ventilatoare-pentru-respiratiei-dirijata-lampi-chirurgicale-mobile-masti-de-oxigen-canule-nazal\/","url":"https:\/\/maiasandu.pentru.md\/proiect\/spitalul-raional-vulcanesti-a-fost-dotat-cu-mese-de-operatie-aparate-de-anestezie-in-set-cu-monitor-ventilatoare-pentru-respiratiei-dirijata-lampi-chirurgicale-mobile-masti-de-oxigen-canule-nazal\/","name":"Spitalul Raional Vulc\u0103ne\u0219ti a fost dotat cu mese de opera\u021bie, aparate de anestezie \u00een set cu monitor, ventilatoare pentru respira\u021biei dirijat\u0103, l\u0103mpi chirurgicale mobile, m\u0103\u0219ti de oxigen, canule nazale \u0219i calculatoare, cu ajutorul Guvernului SUA, Agen\u021biei Elve\u021biene, Guvernului Germaniei \u0219i OMS. - Maia Sandu","isPartOf":{"@id":"https:\/\/maiasandu.pentru.md\/#website"},"primaryImageOfPage":{"@id":"https:\/\/maiasandu.pentru.md\/proiect\/spitalul-raional-vulcanesti-a-fost-dotat-cu-mese-de-operatie-aparate-de-anestezie-in-set-cu-monitor-ventilatoare-pentru-respiratiei-dirijata-lampi-chirurgicale-mobile-masti-de-oxigen-canule-nazal\/#primaryimage"},"image":{"@id":"https:\/\/maiasandu.pentru.md\/proiect\/spitalul-raional-vulcanesti-a-fost-dotat-cu-mese-de-operatie-aparate-de-anestezie-in-set-cu-monitor-ventilatoare-pentru-respiratiei-dirijata-lampi-chirurgicale-mobile-masti-de-oxigen-canule-nazal\/#primaryimage"},"thumbnailUrl":"https:\/\/maiasandu.pentru.md\/wp-content\/uploads\/2024\/09\/img_7892-3-4.jpg","datePublished":"2024-09-11T10:54:55+00:00","dateModified":"2024-09-11T10:54:56+00:00","breadcrumb":{"@id":"https:\/\/maiasandu.pentru.md\/proiect\/spitalul-raional-vulcanesti-a-fost-dotat-cu-mese-de-operatie-aparate-de-anestezie-in-set-cu-monitor-ventilatoare-pentru-respiratiei-dirijata-lampi-chirurgicale-mobile-masti-de-oxigen-canule-nazal\/#breadcrumb"},"inLanguage":"ru-RU","potentialAction":[{"@type":"ReadAction","target":["https:\/\/maiasandu.pentru.md\/proiect\/spitalul-raional-vulcanesti-a-fost-dotat-cu-mese-de-operatie-aparate-de-anestezie-in-set-cu-monitor-ventilatoare-pentru-respiratiei-dirijata-lampi-chirurgicale-mobile-masti-de-oxigen-canule-nazal\/"]}]},{"@type":"ImageObject","inLanguage":"ru-RU","@id":"https:\/\/maiasandu.pentru.md\/proiect\/spitalul-raional-vulcanesti-a-fost-dotat-cu-mese-de-operatie-aparate-de-anestezie-in-set-cu-monitor-ventilatoare-pentru-respiratiei-dirijata-lampi-chirurgicale-mobile-masti-de-oxigen-canule-nazal\/#primaryimage","url":"https:\/\/maiasandu.pentru.md\/wp-content\/uploads\/2024\/09\/img_7892-3-4.jpg","contentUrl":"https:\/\/maiasandu.pentru.md\/wp-content\/uploads\/2024\/09\/img_7892-3-4.jpg","width":2000,"height":1333},{"@type":"BreadcrumbList","@id":"https:\/\/maiasandu.pentru.md\/proiect\/spitalul-raional-vulcanesti-a-fost-dotat-cu-mese-de-operatie-aparate-de-anestezie-in-set-cu-monitor-ventilatoare-pentru-respiratiei-dirijata-lampi-chirurgicale-mobile-masti-de-oxigen-canule-nazal\/#breadcrumb","itemListElement":[{"@type":"ListItem","position":1,"name":"Home","item":"https:\/\/maiasandu.pentru.md\/"},{"@type":"ListItem","position":2,"name":"Proiecte","item":"https:\/\/maiasandu.pentru.md\/proiect\/"},{"@type":"ListItem","position":3,"name":"Spitalul Raional Vulc\u0103ne\u0219ti a fost dotat cu mese de opera\u021bie, aparate de anestezie \u00een set cu monitor, ventilatoare pentru respira\u021biei dirijat\u0103, l\u0103mpi chirurgicale mobile, m\u0103\u0219ti de oxigen, canule nazale \u0219i calculatoare, cu ajutorul Guvernului SUA, Agen\u021biei Elve\u021biene, Guvernului Germaniei \u0219i OMS."}]},{"@type":"WebSite","@id":"https:\/\/maiasandu.pentru.md\/#website","url":"https:\/\/maiasandu.pentru.md\/","name":"Maia Sandu","description":"Pentru Moldova","publisher":{"@id":"https:\/\/maiasandu.pentru.md\/#\/schema\/person\/cfdff171cd9cf48f3933aca560a8da78"},"potentialAction":[{"@type":"SearchAction","target":{"@type":"EntryPoint","urlTemplate":"https:\/\/maiasandu.pentru.md\/?s={search_term_string}"},"query-input":{"@type":"PropertyValueSpecification","valueRequired":true,"valueName":"search_term_string"}}],"inLanguage":"ru-RU"},{"@type":["Person","Organization"],"@id":"https:\/\/maiasandu.pentru.md\/#\/schema\/person\/cfdff171cd9cf48f3933aca560a8da78","name":"MaiaSandu","image":{"@type":"ImageObject","inLanguage":"ru-RU","@id":"https:\/\/maiasandu.pentru.md\/#\/schema\/person\/image\/","url":"https:\/\/secure.gravatar.com\/avatar\/3c0bf0a278aae450e711e7534551dc9de725bedbcff506050a7ac76225453d7f?s=96&d=mm&r=g","contentUrl":"https:\/\/secure.gravatar.com\/avatar\/3c0bf0a278aae450e711e7534551dc9de725bedbcff506050a7ac76225453d7f?s=96&d=mm&r=g","caption":"MaiaSandu"},"logo":{"@id":"https:\/\/maiasandu.pentru.md\/#\/schema\/person\/image\/"},"sameAs":["https:\/\/maiasandu.pentru.md","https:\/\/www.facebook.com\/maia.sandu","https:\/\/www.instagram.com\/maia.sandu?fbclid=IwY2xjawEz_xtleHRuA2FlbQIxMAABHboqHCiyS8Zhq-1A52-ji2mKILjRrr2eHBh5hNh6LpIUhSlaNGfnBNZ8SA_aem_GgoJH2NxtH7QnfOwGdB0aA","https:\/\/x.com\/sandumaiamd Follows you"]}]}},"_links":{"self":[{"href":"https:\/\/maiasandu.pentru.md\/ru\/wp-json\/wp\/v2\/proiect\/2250","targetHints":{"allow":["GET"]}}],"collection":[{"href":"https:\/\/maiasandu.pentru.md\/ru\/wp-json\/wp\/v2\/proiect"}],"about":[{"href":"https:\/\/maiasandu.pentru.md\/ru\/wp-json\/wp\/v2\/types\/proiect"}],"version-history":[{"count":1,"href":"https:\/\/maiasandu.pentru.md\/ru\/wp-json\/wp\/v2\/proiect\/2250\/revisions"}],"predecessor-version":[{"id":2251,"href":"https:\/\/maiasandu.pentru.md\/ru\/wp-json\/wp\/v2\/proiect\/2250\/revisions\/2251"}],"wp:featuredmedia":[{"embeddable":true,"href":"https:\/\/maiasandu.pentru.md\/ru\/wp-json\/wp\/v2\/media\/2201"}],"wp:attachment":[{"href":"https:\/\/maiasandu.pentru.md\/ru\/wp-json\/wp\/v2\/media?parent=2250"}],"wp:term":[{"taxonomy":"domeniu","embeddable":true,"href":"https:\/\/maiasandu.pentru.md\/ru\/wp-json\/wp\/v2\/domeniu?post=2250"},{"taxonomy":"raion","embeddable":true,"href":"https:\/\/maiasandu.pentru.md\/ru\/wp-json\/wp\/v2\/raion?post=2250"}],"curies":[{"name":"wp","href":"https:\/\/api.w.org\/{rel}","templated":true}]}}